{"id":9638,"date":"2024-10-28T08:46:01","date_gmt":"2024-10-28T08:46:01","guid":{"rendered":"http:\/\/www.editris2000.it\/?post_type=product&#038;p=9638"},"modified":"2025-11-05T09:09:00","modified_gmt":"2025-11-05T09:09:00","slug":"uomo-di-guerra-e-uomo-di-penna","status":"publish","type":"product","link":"https:\/\/www.editris2000.it\/?product=uomo-di-guerra-e-uomo-di-penna","title":{"rendered":"&#8220;Uomo di guerra e uomo di penna\u201d"},"content":{"rendered":"<p>Il volume raccoglie diciassette contributi dedicati al pensiero e alla figura di Plinio il Vecchio (Gaius Plinius Secundus), in occasione delle celebrazioni per il Bimillenario della nascita (23\/24 d.C.-2023\/2024) dell\u2019homo universalis originario di Como, che fu scrittore eclettico, politico rispettato e militare valente. Studiosi, afferenti a diversi gruppi scientifico-disciplinari e di vario grado accademico, appartenenti al Dipartimento di Scienze Umane e dell\u2019Innovazione per il Territorio (DiSUIT) dell\u2019Universit\u00e0 degli Studi dell\u2019Insubria, propongono scritti volti a esaminare, da molteplici angolazioni \u2013 dall\u2019archeologia alla storia dell\u2019arte, dalla storia del diritto alla geografia, dalla letteratura classica alla storia dell\u2019economia e della medicina \u2013 l\u2019eredit\u00e0 culturale lasciata dall\u2019enciclopedica Naturalis Historia: fra i trattati pi\u00f9 significativi dell\u2019antichit\u00e0, \u00e8 stata continuativamente oggetto di riproposizioni, letture esegetiche e omaggi in et\u00e0 medievale e rinascimentale, continuando ad affascinare sino alla contemporaneit\u00e0.<br \/>\nPatrocinata dal Comitato Nazionale, questa iniziativa editoriale intende commemorare una personalit\u00e0 poliedrica, la cui fortuna critica si dimostra attuale e mantiene una vitalit\u00e0 d\u2019interesse nei pi\u00f9 disparati ambiti del sapere.<\/p>\n<p>_<\/p>\n<p><strong>Indice<\/strong><\/p>\n<p>Prefazioni p. 6<\/p>\n<p>Introduzione p. 11<\/p>\n<p>\u201cHomo Africanus\u201d: l\u2019Africa nel VII libro della Naturalis Historia<br \/>\n<em>Federica Beretta<\/em><em><br \/>\n<\/em><\/p>\n<p>Un archivio del mondo per un impero globale.<br \/>\nEpisodi della fortuna di Plinio nella prima et\u00e0 moderna<br \/>\n<em>Paolo Luca Bernardini<\/em><\/p>\n<p>I drammaturghi greci di V sec. a.C. nella Naturalis Historia<br \/>\n<em>Francesco Paolo Bianchi<\/em><\/p>\n<p>Plinio il Vecchio, le molae e il dilemma dell\u2019instrumentum<br \/>\n<em>Paola Biavaschi<\/em><\/p>\n<p>Tre ritratti sono meglio di uno. Plinio il Vecchio, il \u201cparagone delle arti\u201d e la sua fortuna nella ritrattistica rinascimentale<br \/>\n<em>Luca Brignoli<\/em><\/p>\n<p>Medico tantum hominem occidisse inpunitas summa est: lo sguardo critico di Plinio il Vecchio sulla professione medica<br \/>\n<em>Fabio Calandrino<\/em><\/p>\n<p>\u201cio mi sarei potuto servire di Plinio e d\u2019altri autori\u201d: Vasari e Plinio il Vecchio (e Paolo Giovio)<br \/>\n<em>Alessandra Casati<\/em><\/p>\n<p>Bracata antea dicta: l\u2019abbigliamento barbarico tra Plinio e il tardo Impero<br \/>\n<em>Francesco Edoardo Maria Colombo<\/em><\/p>\n<p>Plinio e le arti nel XVIII secolo: fra riletture della Naturalis Historia e invenzioni iconografiche al femminile<br \/>\n<em>Laura Facchin<\/em><\/p>\n<p>La morte di Plinio il Vecchio: una ricognizione iconografica<br \/>\n<em>Massimiliano Ferrario<\/em><\/p>\n<p>Gli animali e l\u2019uomo in Plinio il Vecchio<br \/>\n<em>Mario Iodice<\/em><\/p>\n<p>Brevi note su Plin., N. H., 33, 13<br \/>\n<em>Marco Migliorini<\/em><\/p>\n<p>Gli animali della Naturalis Historia, attraverso la tradizione iconografica medievale, nella scultura romanica della Regio Insubrica<br \/>\n<em>Silvia Muzzin<\/em><\/p>\n<p>Algoritmi di legno, algoritmi di ferro<br \/>\n<em>Nicoletta Sabadini<\/em><\/p>\n<p>I due volti: Plinio il Vecchio fra Gotico e Umanesimo<br \/>\n<em>Andrea Spiriti<\/em><\/p>\n<p>Il divieto di introdurre armi all\u2019interno dell\u2019urbs nella Naturalis Historia<br \/>\n<em>Michela Stefani<\/em><\/p>\n<p>Caerulea. Appunti sull\u2019uso dei pigmenti blu in epoca romana<br \/>\n<em>Daniele Teseo<\/em><\/p>\n<p>Tavole a colori<br \/>\nNote biografiche degli autori<\/p>\n","protected":false},"excerpt":{"rendered":"<p><strong>Studi su Plinio il Vecchio nel bimillenario della nascita<\/strong><\/p>\n<p><em>Committenti:<\/em> Fondazione Alessandro Volta &#8211; Universit\u00e0 degli Studi dell&#8217;Insubria, Dipartimento di Scienze Umane e dell&#8217;Innovazione per il Territorio DISUIT<\/p>\n<p><em>A cura di:<\/em> Laura Facchin e Massimiliano Ferrario<\/p>\n<p>272 pagine<br \/>\nformato 17&#215;24 cm, dorso 1,8 cm<br \/>\ncopertina morbida<br \/>\nlingua: italiano<\/p>\n<p>[vc_separator type=&#8221;transparent&#8221; up=&#8221;2&#8243;]<\/p>\n<p>\u00a9 2024 Editris duemila snc, Torino<br \/>\nISBN-9788889853788<\/p>\n","protected":false},"featured_media":9637,"comment_status":"open","ping_status":"closed","template":"","meta":[],"product_cat":[129],"product_tag":[],"yoast_head":"<!-- This site is optimized with the Yoast SEO plugin v20.9 - https:\/\/yoast.com\/wordpress\/plugins\/seo\/ -->\n<title>&quot;Uomo di guerra e uomo di penna\u201d - Editris2000<\/title>\n<meta name=\"robots\" content=\"index, follow, max-snippet:-1, max-image-preview:large, max-video-preview:-1\" \/>\n<link rel=\"canonical\" href=\"https:\/\/www.editris2000.it\/?product=uomo-di-guerra-e-uomo-di-penna\" \/>\n<meta property=\"og:locale\" content=\"it_IT\" \/>\n<meta property=\"og:type\" content=\"article\" \/>\n<meta property=\"og:title\" content=\"&quot;Uomo di guerra e uomo di penna\u201d - Editris2000\" \/>\n<meta property=\"og:description\" content=\"Studi su Plinio il Vecchio nel bimillenario della nascita  Committenti: Fondazione Alessandro Volta - Universit\u00e0 degli Studi dell&#039;Insubria, Dipartimento di Scienze Umane e dell&#039;Innovazione per il Territorio DISUIT  A cura di: Laura Facchin e Massimiliano Ferrario  272 pagine formato 17x24 cm, dorso 1,8 cm copertina morbida lingua: italiano  [vc_separator type=&quot;transparent&quot; up=&quot;2&quot;]  \u00a9 2024 Editris duemila snc, Torino ISBN-9788889853788\" \/>\n<meta property=\"og:url\" content=\"https:\/\/www.editris2000.it\/?product=uomo-di-guerra-e-uomo-di-penna\" \/>\n<meta property=\"og:site_name\" content=\"Editris2000\" \/>\n<meta property=\"article:modified_time\" content=\"2025-11-05T09:09:00+00:00\" \/>\n<meta property=\"og:image\" content=\"https:\/\/www.editris2000.it\/wp-content\/uploads\/2024\/10\/cover-plinio-il-vecchio.jpg\" \/>\n\t<meta property=\"og:image:width\" content=\"698\" \/>\n\t<meta property=\"og:image:height\" content=\"622\" \/>\n\t<meta property=\"og:image:type\" content=\"image\/jpeg\" \/>\n<meta name=\"twitter:card\" content=\"summary_large_image\" \/>\n<meta name=\"twitter:label1\" content=\"Tempo di lettura stimato\" \/>\n\t<meta name=\"twitter:data1\" content=\"2 minuti\" \/>\n<script type=\"application\/ld+json\" class=\"yoast-schema-graph\">{\"@context\":\"https:\/\/schema.org\",\"@graph\":[{\"@type\":\"WebPage\",\"@id\":\"https:\/\/www.editris2000.it\/?product=uomo-di-guerra-e-uomo-di-penna\",\"url\":\"https:\/\/www.editris2000.it\/?product=uomo-di-guerra-e-uomo-di-penna\",\"name\":\"\\\"Uomo di guerra e uomo di penna\u201d - Editris2000\",\"isPartOf\":{\"@id\":\"http:\/\/www.editris2000.it\/#website\"},\"datePublished\":\"2024-10-28T08:46:01+00:00\",\"dateModified\":\"2025-11-05T09:09:00+00:00\",\"breadcrumb\":{\"@id\":\"https:\/\/www.editris2000.it\/?product=uomo-di-guerra-e-uomo-di-penna#breadcrumb\"},\"inLanguage\":\"it-IT\",\"potentialAction\":[{\"@type\":\"ReadAction\",\"target\":[\"https:\/\/www.editris2000.it\/?product=uomo-di-guerra-e-uomo-di-penna\"]}]},{\"@type\":\"BreadcrumbList\",\"@id\":\"https:\/\/www.editris2000.it\/?product=uomo-di-guerra-e-uomo-di-penna#breadcrumb\",\"itemListElement\":[{\"@type\":\"ListItem\",\"position\":1,\"name\":\"Home\",\"item\":\"http:\/\/www.editris2000.it\/\"},{\"@type\":\"ListItem\",\"position\":2,\"name\":\"Shop\",\"item\":\"https:\/\/www.editris2000.it\/?page_id=253\"},{\"@type\":\"ListItem\",\"position\":3,\"name\":\"&#8220;Uomo di guerra e uomo di penna\u201d\"}]},{\"@type\":\"WebSite\",\"@id\":\"http:\/\/www.editris2000.it\/#website\",\"url\":\"http:\/\/www.editris2000.it\/\",\"name\":\"Editris2000\",\"description\":\"Editori a Torino dal 1980\",\"potentialAction\":[{\"@type\":\"SearchAction\",\"target\":{\"@type\":\"EntryPoint\",\"urlTemplate\":\"http:\/\/www.editris2000.it\/?s={search_term_string}\"},\"query-input\":\"required name=search_term_string\"}],\"inLanguage\":\"it-IT\"}]}<\/script>\n<!-- \/ Yoast SEO plugin. -->","yoast_head_json":{"title":"\"Uomo di guerra e uomo di penna\u201d - Editris2000","robots":{"index":"index","follow":"follow","max-snippet":"max-snippet:-1","max-image-preview":"max-image-preview:large","max-video-preview":"max-video-preview:-1"},"canonical":"https:\/\/www.editris2000.it\/?product=uomo-di-guerra-e-uomo-di-penna","og_locale":"it_IT","og_type":"article","og_title":"\"Uomo di guerra e uomo di penna\u201d - Editris2000","og_description":"Studi su Plinio il Vecchio nel bimillenario della nascita  Committenti: Fondazione Alessandro Volta - Universit\u00e0 degli Studi dell'Insubria, Dipartimento di Scienze Umane e dell'Innovazione per il Territorio DISUIT  A cura di: Laura Facchin e Massimiliano Ferrario  272 pagine formato 17x24 cm, dorso 1,8 cm copertina morbida lingua: italiano  [vc_separator type=\"transparent\" up=\"2\"]  \u00a9 2024 Editris duemila snc, Torino ISBN-9788889853788","og_url":"https:\/\/www.editris2000.it\/?product=uomo-di-guerra-e-uomo-di-penna","og_site_name":"Editris2000","article_modified_time":"2025-11-05T09:09:00+00:00","og_image":[{"width":698,"height":622,"url":"https:\/\/www.editris2000.it\/wp-content\/uploads\/2024\/10\/cover-plinio-il-vecchio.jpg","type":"image\/jpeg"}],"twitter_card":"summary_large_image","twitter_misc":{"Tempo di lettura stimato":"2 minuti"},"schema":{"@context":"https:\/\/schema.org","@graph":[{"@type":"WebPage","@id":"https:\/\/www.editris2000.it\/?product=uomo-di-guerra-e-uomo-di-penna","url":"https:\/\/www.editris2000.it\/?product=uomo-di-guerra-e-uomo-di-penna","name":"\"Uomo di guerra e uomo di penna\u201d - Editris2000","isPartOf":{"@id":"http:\/\/www.editris2000.it\/#website"},"datePublished":"2024-10-28T08:46:01+00:00","dateModified":"2025-11-05T09:09:00+00:00","breadcrumb":{"@id":"https:\/\/www.editris2000.it\/?product=uomo-di-guerra-e-uomo-di-penna#breadcrumb"},"inLanguage":"it-IT","potentialAction":[{"@type":"ReadAction","target":["https:\/\/www.editris2000.it\/?product=uomo-di-guerra-e-uomo-di-penna"]}]},{"@type":"BreadcrumbList","@id":"https:\/\/www.editris2000.it\/?product=uomo-di-guerra-e-uomo-di-penna#breadcrumb","itemListElement":[{"@type":"ListItem","position":1,"name":"Home","item":"http:\/\/www.editris2000.it\/"},{"@type":"ListItem","position":2,"name":"Shop","item":"https:\/\/www.editris2000.it\/?page_id=253"},{"@type":"ListItem","position":3,"name":"&#8220;Uomo di guerra e uomo di penna\u201d"}]},{"@type":"WebSite","@id":"http:\/\/www.editris2000.it\/#website","url":"http:\/\/www.editris2000.it\/","name":"Editris2000","description":"Editori a Torino dal 1980","potentialAction":[{"@type":"SearchAction","target":{"@type":"EntryPoint","urlTemplate":"http:\/\/www.editris2000.it\/?s={search_term_string}"},"query-input":"required name=search_term_string"}],"inLanguage":"it-IT"}]}},"_links":{"self":[{"href":"https:\/\/www.editris2000.it\/index.php?rest_route=\/wp\/v2\/product\/9638"}],"collection":[{"href":"https:\/\/www.editris2000.it\/index.php?rest_route=\/wp\/v2\/product"}],"about":[{"href":"https:\/\/www.editris2000.it\/index.php?rest_route=\/wp\/v2\/types\/product"}],"replies":[{"embeddable":true,"href":"https:\/\/www.editris2000.it\/index.php?rest_route=%2Fwp%2Fv2%2Fcomments&post=9638"}],"wp:featuredmedia":[{"embeddable":true,"href":"https:\/\/www.editris2000.it\/index.php?rest_route=\/wp\/v2\/media\/9637"}],"wp:attachment":[{"href":"https:\/\/www.editris2000.it\/index.php?rest_route=%2Fwp%2Fv2%2Fmedia&parent=9638"}],"wp:term":[{"taxonomy":"product_cat","embeddable":true,"href":"https:\/\/www.editris2000.it\/index.php?rest_route=%2Fwp%2Fv2%2Fproduct_cat&post=9638"},{"taxonomy":"product_tag","embeddable":true,"href":"https:\/\/www.editris2000.it\/index.php?rest_route=%2Fwp%2Fv2%2Fproduct_tag&post=9638"}],"curies":[{"name":"wp","href":"https:\/\/api.w.org\/{rel}","templated":true}]}}